{"id":377289,"date":"2024-04-15T16:17:17","date_gmt":"2024-04-15T16:17:17","guid":{"rendered":"https:\/\/idconsumo.pt\/orgaos-sociais\/"},"modified":"2024-11-20T11:46:35","modified_gmt":"2024-11-20T11:46:35","slug":"orgaos-sociais","status":"publish","type":"page","link":"https:\/\/idconsumo.pt\/en\/orgaos-sociais\/","title":{"rendered":"ASSOCIATIVE BODIES"},"content":{"rendered":"<p>[et_pb_section fb_built=&#8221;1&#8243; custom_padding_last_edited=&#8221;on|phone&#8221; _builder_version=&#8221;4.27.0&#8243; background_image=&#8221;https:\/\/idconsumo.pt\/wp-content\/uploads\/2024\/05\/banner2.png&#8221; vertical_offset_tablet=&#8221;0&#8243; horizontal_offset_tablet=&#8221;0&#8243; width=&#8221;99.8%&#8221; custom_padding=&#8221;32px||470px|||&#8221; custom_padding_tablet=&#8221;32px||410px|||&#8221; custom_padding_phone=&#8221;32px||74px||false|false&#8221; animation_style=&#8221;fade&#8221; box_shadow_horizontal_tablet=&#8221;0px&#8221; box_shadow_vertical_tablet=&#8221;0px&#8221; box_shadow_blur_tablet=&#8221;40px&#8221; box_shadow_spread_tablet=&#8221;0px&#8221; saved_tabs=&#8221;all&#8221; global_colors_info=&#8221;{}&#8221; global_module=&#8221;327680&#8243; theme_builder_area=&#8221;post_content&#8221;][\/et_pb_section][et_pb_section fb_built=&#8221;1&#8243; _builder_version=&#8221;4.24.3&#8243; _module_preset=&#8221;default&#8221; custom_margin=&#8221;0px||||false|false&#8221; custom_padding=&#8221;61px||||false|false&#8221; global_colors_info=&#8221;{}&#8221;][et_pb_row _builder_version=&#8221;4.24.3&#8243; _module_preset=&#8221;default&#8221; custom_padding=&#8221;||0px|||&#8221; global_colors_info=&#8221;{}&#8221;][et_pb_column type=&#8221;4_4&#8243; _builder_version=&#8221;4.24.3&#8243; _module_preset=&#8221;default&#8221; global_colors_info=&#8221;{}&#8221;][et_pb_post_title meta=&#8221;off&#8221; featured_image=&#8221;off&#8221; _builder_version=&#8221;4.25.0&#8243; _module_preset=&#8221;default&#8221; title_level=&#8221;h2&#8243; title_font=&#8221;|||on|||||&#8221; title_text_align=&#8221;center&#8221; title_text_color=&#8221;#1E274E&#8221; title_font_size=&#8221;50px&#8221; global_colors_info=&#8221;{}&#8221;]<br \/>\n[\/et_pb_post_title][et_pb_divider color=&#8221;#1E274E&#8221; divider_weight=&#8221;3px&#8221; _builder_version=&#8221;4.24.3&#8243; _module_preset=&#8221;default&#8221; width=&#8221;9%&#8221; module_alignment=&#8221;center&#8221; global_colors_info=&#8221;{}&#8221;]<br \/>\n[\/et_pb_divider][\/et_pb_column][\/et_pb_row][et_pb_row column_structure=&#8221;1_3,1_3,1_3&#8243; use_custom_gutter=&#8221;on&#8221; make_equal=&#8221;on&#8221; _builder_version=&#8221;4.24.3&#8243; _module_preset=&#8221;default&#8221; max_width=&#8221;100%&#8221; global_colors_info=&#8221;{}&#8221;][et_pb_column type=&#8221;1_3&#8243; _builder_version=&#8221;4.24.3&#8243; _module_preset=&#8221;default&#8221; global_colors_info=&#8221;{}&#8221;][et_pb_text _builder_version=&#8221;4.25.2&#8243; _module_preset=&#8221;default&#8221; text_text_color=&#8221;#1E274E&#8221; header_text_color=&#8221;#1E274E&#8221; header_3_font=&#8221;|600|||||||&#8221; header_3_text_color=&#8221;#1E274E&#8221; header_3_font_size=&#8221;18px&#8221; text_orientation=&#8221;center&#8221; global_colors_info=&#8221;{}&#8221;]<\/p>\n<p><strong>General Assembly Board<\/strong>:<\/p>\n<p><em>President<\/em>\u00a0\u2013 Professor Doutor Manuel Janu\u00e1rio da Costa Gomes<\/p>\n<p><em>Secretary<\/em> \u2013 Dr. \u00aa In\u00eas S\u00edtima Craveiro<\/p>\n<p><em>Secretary<\/em> \u2013 Mestre Ant\u00f3nio Jos\u00e9 Papan\u00e7a Barroso Ramalho Rodrigues<\/p>\n<p>&nbsp;<\/p>\n<p>[\/et_pb_text][\/et_pb_column][et_pb_column type=&#8221;1_3&#8243; _builder_version=&#8221;4.24.3&#8243; _module_preset=&#8221;default&#8221; global_colors_info=&#8221;{}&#8221;][et_pb_text _builder_version=&#8221;4.25.2&#8243; _module_preset=&#8221;default&#8221; text_text_color=&#8221;#1E274E&#8221; header_text_color=&#8221;#1E274E&#8221; header_3_font=&#8221;|600|||||||&#8221; header_3_text_color=&#8221;#1E274E&#8221; header_3_font_size=&#8221;18px&#8221; text_orientation=&#8221;center&#8221; global_colors_info=&#8221;{}&#8221;]<\/p>\n<p><strong>Board of Directors<\/strong>:<\/p>\n<p><em>President<\/em>\u00a0\u2013 Professor Doutor Rui Paulo Coutinho de Mascarenhas Ata\u00edde<\/p>\n<p><em>Vice-President<\/em> \u2013 Professor Doutor Ant\u00f3nio Manuel Barreto Espadinha Menezes Cordeiro<\/p>\n<p><em>Vice-President<\/em> \u2013 Professor Doutor Francisco Barros Ferreira Rodrigues Rocha<\/p>\n<p><em>Vice-President<\/em> \u2013 Mestre Carlos Alberto Lacerda Oliveira de Amaral Barata<\/p>\n<p><em>Vice-President<\/em> \u2013 Mestre V\u00edtor Palmela Fidalgo<\/p>\n<p>&nbsp;<\/p>\n<p>[\/et_pb_text][\/et_pb_column][et_pb_column type=&#8221;1_3&#8243; _builder_version=&#8221;4.24.3&#8243; _module_preset=&#8221;default&#8221; global_colors_info=&#8221;{}&#8221;][et_pb_text _builder_version=&#8221;4.25.2&#8243; _module_preset=&#8221;default&#8221; text_text_color=&#8221;#1E274E&#8221; header_text_color=&#8221;#1E274E&#8221; header_3_font=&#8221;|600|||||||&#8221; header_3_text_color=&#8221;#1E274E&#8221; header_3_font_size=&#8221;18px&#8221; text_orientation=&#8221;center&#8221; global_colors_info=&#8221;{}&#8221;]<\/p>\n<p><strong>Fiscal Council<\/strong>:<\/p>\n<p><em>President<\/em>\u00a0\u2013 Professor Doutor D\u00e1rio Manuel Lentz de Moura Vicente<\/p>\n<p><em>Member<\/em> \u2013 Dr. Nuno Trigo dos Reis<\/p>\n<p><em>Member<\/em> \u2013 Dr.\u00aa Marta Boura<\/p>\n<p>[\/et_pb_text][\/et_pb_column][\/et_pb_row][\/et_pb_section][et_pb_section fb_built=&#8221;1&#8243; admin_label=&#8221;Mozart &#8211; Home&#8221; module_id=&#8221;newsletter&#8221; module_class=&#8221;mozart_footer&#8221; _builder_version=&#8221;4.24.3&#8243; background_color=&#8221;#ffffff&#8221; custom_padding=&#8221;0px||0px|&#8221; custom_css_main_element=&#8221; overflow: hidden;&#8221; saved_tabs=&#8221;all&#8221; global_colors_info=&#8221;{}&#8221;][et_pb_row column_structure=&#8221;1_2,1_2&#8243; use_custom_gutter=&#8221;on&#8221; gutter_width=&#8221;1&#8243; custom_padding_last_edited=&#8221;on|desktop&#8221; admin_label=&#8221;Mozart &#8211; Home&#8221; _builder_version=&#8221;4.24.3&#8243; background_color=&#8221;#1a284d&#8221; background_size=&#8221;initial&#8221; background_position=&#8221;top_left&#8221; background_repeat=&#8221;repeat&#8221; max_width=&#8221;1175px&#8221; custom_margin=&#8221;-1px|auto|-1px|auto|true|false&#8221; custom_padding=&#8221;4.1vw||4.3vw|&#8221; custom_padding_tablet=&#8221;60px||60px|&#8221; custom_padding_phone=&#8221;&#8221; custom_css_before=&#8221; content: %22%22;|| display: block;|| position: absolute;|| background-color: #1a284d;|| height: 100%;|| width: 5000px;|| top: 0;|| left: -2000px;&#8221; custom_css_main_element=&#8221;overflow: visible !important;&#8221; use_custom_width=&#8221;on&#8221; custom_width_px=&#8221;1175px&#8221; global_colors_info=&#8221;{}&#8221;][et_pb_column type=&#8221;1_2&#8243; _builder_version=&#8221;4.16&#8243; custom_padding=&#8221;|||&#8221; custom_padding_tablet=&#8221;|||0px&#8221; custom_padding_phone=&#8221;&#8221; custom_padding_last_edited=&#8221;on|tablet&#8221; custom_css_main_element=&#8221; width: 38%;&#8221; global_colors_info=&#8221;{}&#8221; custom_padding__hover=&#8221;|||&#8221;][et_pb_text admin_label=&#8221;Sign Up for our Latest Deals&#8221; _builder_version=&#8221;4.25.2&#8243; text_font=&#8221;|500||on|||||&#8221; text_text_color=&#8221;#ffffff&#8221; text_font_size=&#8221;42&#8243; text_line_height=&#8221;52&#8243; background_layout=&#8221;dark&#8221; module_alignment=&#8221;center&#8221; custom_padding=&#8221;5px|||&#8221; text_font_size_tablet=&#8221;36&#8243; text_font_size_phone=&#8221;30px&#8221; text_font_size_last_edited=&#8221;on|phone&#8221; text_line_height_tablet=&#8221;120%&#8221; text_line_height_phone=&#8221;&#8221; text_line_height_last_edited=&#8221;on|tablet&#8221; global_colors_info=&#8221;{}&#8221;]<\/p>\n<p>SUBSCRIVE TO OUR NEWSLETTER<\/p>\n<p>[\/et_pb_text][\/et_pb_column][et_pb_column type=&#8221;1_2&#8243; _builder_version=&#8221;4.16&#8243; custom_padding=&#8221;|||&#8221; custom_padding_tablet=&#8221;|||0px&#8221; custom_padding_phone=&#8221;&#8221; custom_padding_last_edited=&#8221;on|tablet&#8221; custom_css_main_element=&#8221; margin-bottom: 0 !important;&#8221; global_colors_info=&#8221;{}&#8221; custom_padding__hover=&#8221;|||&#8221;][et_pb_text _builder_version=&#8221;4.25.2&#8243; _module_preset=&#8221;default&#8221; global_colors_info=&#8221;{}&#8221;]<\/p>\n\n<div class=\"wpcf7 no-js\" id=\"wpcf7-f377478-o1\" lang=\"pt-PT\" dir=\"ltr\" data-wpcf7-id=\"377478\">\n<div class=\"screen-reader-response\"><p role=\"status\" aria-live=\"polite\" aria-atomic=\"true\"><\/p> <ul><\/ul><\/div>\n<form action=\"\/en\/wp-json\/wp\/v2\/pages\/377289#wpcf7-f377478-o1\" method=\"post\" class=\"wpcf7-form init\" aria-label=\"Formul\u00e1rio de contacto\" novalidate=\"novalidate\" data-status=\"init\">\n<fieldset class=\"hidden-fields-container\"><input type=\"hidden\" name=\"_wpcf7\" value=\"377478\" \/><input type=\"hidden\" name=\"_wpcf7_version\" value=\"6.1.1\" \/><input type=\"hidden\" name=\"_wpcf7_locale\" value=\"pt_PT\" \/><input type=\"hidden\" name=\"_wpcf7_unit_tag\" value=\"wpcf7-f377478-o1\" \/><input type=\"hidden\" name=\"_wpcf7_container_post\" value=\"0\" \/><input type=\"hidden\" name=\"_wpcf7_posted_data_hash\" value=\"\" \/><input type=\"hidden\" name=\"_wpcf7_recaptcha_response\" value=\"\" \/>\n<\/fieldset>\n<p><label><span class=\"wpcf7-form-control-wrap\" data-name=\"email-142\"><input size=\"40\" maxlength=\"400\" class=\"wpcf7-form-control wpcf7-email wpcf7-validates-as-required wpcf7-text wpcf7-validates-as-email\" aria-required=\"true\" aria-invalid=\"false\" placeholder=\"Your E-mail*\" value=\"\" type=\"email\" name=\"email-142\" \/><\/span><\/label>\n<\/p>\n<p><input class=\"wpcf7-form-control wpcf7-submit has-spinner\" type=\"submit\" value=\"Sign up here\" \/>\n<\/p><div class=\"wpcf7-response-output\" aria-hidden=\"true\"><\/div>\n<\/form>\n<\/div>\n\n<p>[\/et_pb_text][\/et_pb_column][\/et_pb_row][\/et_pb_section][et_pb_section fb_built=&#8221;1&#8243; _builder_version=&#8221;4.27.3&#8243; _module_preset=&#8221;default&#8221; custom_padding=&#8221;0px||1px|||&#8221; saved_tabs=&#8221;all&#8221; global_colors_info=&#8221;{}&#8221; global_module=&#8221;378315&#8243; theme_builder_area=&#8221;post_content&#8221;][et_pb_row _builder_version=&#8221;4.27.3&#8243; _module_preset=&#8221;default&#8221; background_color=&#8221;#1E274E&#8221; width=&#8221;100%&#8221; max_width=&#8221;100%&#8221; global_colors_info=&#8221;{}&#8221; theme_builder_area=&#8221;post_content&#8221;][et_pb_column type=&#8221;4_4&#8243; _builder_version=&#8221;4.27.3&#8243; _module_preset=&#8221;default&#8221; global_colors_info=&#8221;{}&#8221; theme_builder_area=&#8221;post_content&#8221;][et_pb_social_media_follow _builder_version=&#8221;4.27.3&#8243; _module_preset=&#8221;default&#8221; text_orientation=&#8221;center&#8221; global_colors_info=&#8221;{}&#8221; theme_builder_area=&#8221;post_content&#8221;][et_pb_social_media_follow_network social_network=&#8221;facebook&#8221; url=&#8221;https:\/\/www.facebook.com\/profile.php?id=61564027670912&#8243; icon_color=&#8221;#1E274E&#8221; use_icon_font_size=&#8221;on&#8221; icon_font_size=&#8221;25px&#8221; _builder_version=&#8221;4.27.3&#8243; _module_preset=&#8221;default&#8221; background_color=&#8221;#FFFFFF&#8221; background_enable_color=&#8221;on&#8221; border_radii=&#8221;on|555px|555px|555px|555px&#8221; global_colors_info=&#8221;{}&#8221; theme_builder_area=&#8221;post_content&#8221; follow_button=&#8221;off&#8221; url_new_window=&#8221;on&#8221;]facebook[\/et_pb_social_media_follow_network][et_pb_social_media_follow_network social_network=&#8221;instagram&#8221; url=&#8221;https:\/\/www.instagram.com\/institutodireitoconsumo\/&#8221; icon_color=&#8221;#1E274E&#8221; use_icon_font_size=&#8221;on&#8221; icon_font_size=&#8221;25px&#8221; _builder_version=&#8221;4.27.3&#8243; _module_preset=&#8221;default&#8221; background_color=&#8221;#FFFFFF&#8221; background_enable_color=&#8221;on&#8221; border_radii=&#8221;on|555px|555px|555px|555px&#8221; global_colors_info=&#8221;{}&#8221; theme_builder_area=&#8221;post_content&#8221; follow_button=&#8221;off&#8221; url_new_window=&#8221;on&#8221;]instagram[\/et_pb_social_media_follow_network][et_pb_social_media_follow_network social_network=&#8221;linkedin&#8221; url=&#8221;https:\/\/www.linkedin.com\/company\/idc-instituto-direito-do-consumo\/&#8221; icon_color=&#8221;#1E274E&#8221; use_icon_font_size=&#8221;on&#8221; icon_font_size=&#8221;25px&#8221; _builder_version=&#8221;4.27.3&#8243; _module_preset=&#8221;default&#8221; background_color=&#8221;#FFFFFF&#8221; background_enable_color=&#8221;on&#8221; border_radii=&#8221;on|555px|555px|555px|555px&#8221; global_colors_info=&#8221;{}&#8221; theme_builder_area=&#8221;post_content&#8221; follow_button=&#8221;off&#8221; url_new_window=&#8221;on&#8221;]linkedin[\/et_pb_social_media_follow_network][\/et_pb_social_media_follow][\/et_pb_column][\/et_pb_row][\/et_pb_section]<\/p>\n","protected":false},"excerpt":{"rendered":"<p>General Assembly Board: President\u00a0\u2013 Professor Doutor Manuel Janu\u00e1rio da Costa Gomes Secretary \u2013 Dr. \u00aa In\u00eas S\u00edtima Craveiro Secretary \u2013 Mestre Ant\u00f3nio Jos\u00e9 Papan\u00e7a Barroso Ramalho Rodrigues &nbsp;Board of Directors: President\u00a0\u2013 Professor Doutor Rui Paulo Coutinho de Mascarenhas Ata\u00edde Vice-President \u2013 Professor Doutor Ant\u00f3nio Manuel Barreto Espadinha Menezes Cordeiro Vice-President \u2013 Professor Doutor Francisco Barros [&hellip;]<\/p>\n","protected":false},"author":1,"featured_media":0,"parent":0,"menu_order":0,"comment_status":"closed","ping_status":"closed","template":"","meta":{"_et_pb_use_builder":"on","_et_pb_old_content":"<!-- wp:paragraph -->\r\n<p>This is an example page. It's different from a blog post because it will stay in one place and will show up in your site navigation (in most themes). Most people start with an About page that introduces them to potential site visitors. It might say something like this:<\/p>\r\n<!-- \/wp:paragraph --><!-- wp:quote -->\r\n<blockquote class=\"wp-block-quote\">\r\n<p>Hi there! I'm a bike messenger by day, aspiring actor by night, and this is my website. I live in Los Angeles, have a great dog named Jack, and I like pi\u00f1a coladas. (And gettin' caught in the rain.)<\/p>\r\n<\/blockquote>\r\n<!-- \/wp:quote --><!-- wp:paragraph -->\r\n<p>...or something like this:<\/p>\r\n<!-- \/wp:paragraph --><!-- wp:quote -->\r\n<blockquote class=\"wp-block-quote\">\r\n<p>The XYZ Doohickey Company was founded in 1971, and has been providing quality doohickeys to the public ever since. Located in Gotham City, XYZ employs over 2,000 people and does all kinds of awesome things for the Gotham community.<\/p>\r\n<\/blockquote>\r\n<!-- \/wp:quote --><!-- wp:paragraph -->\r\n<p>As a new WordPress user, you should go to <a href=\"https:\/\/idconsumo.pt\/wp-admin\/\">your dashboard<\/a> to delete this page and create new pages for your content. Have fun!<\/p>\r\n<!-- \/wp:paragraph -->","_et_gb_content_width":"","footnotes":""},"class_list":["post-377289","page","type-page","status-publish","hentry"],"yoast_head":"<!-- This site is optimized with the Yoast SEO plugin v25.9 - https:\/\/yoast.com\/wordpress\/plugins\/seo\/ -->\n<title>ASSOCIATIVE BODIES - idconsumo.pt<\/title>\n<meta name=\"robots\" content=\"index, follow, max-snippet:-1, max-image-preview:large, max-video-preview:-1\" \/>\n<link rel=\"canonical\" href=\"https:\/\/idconsumo.pt\/orgaos-sociais\/\" \/>\n<meta property=\"og:locale\" content=\"en_US\" \/>\n<meta property=\"og:type\" content=\"article\" \/>\n<meta property=\"og:title\" content=\"ASSOCIATIVE BODIES - idconsumo.pt\" \/>\n<meta property=\"og:description\" content=\"General Assembly Board: President\u00a0\u2013 Professor Doutor Manuel Janu\u00e1rio da Costa Gomes Secretary \u2013 Dr. \u00aa In\u00eas S\u00edtima Craveiro Secretary \u2013 Mestre Ant\u00f3nio Jos\u00e9 Papan\u00e7a Barroso Ramalho Rodrigues &nbsp;Board of Directors: President\u00a0\u2013 Professor Doutor Rui Paulo Coutinho de Mascarenhas Ata\u00edde Vice-President \u2013 Professor Doutor Ant\u00f3nio Manuel Barreto Espadinha Menezes Cordeiro Vice-President \u2013 Professor Doutor Francisco Barros [&hellip;]\" \/>\n<meta property=\"og:url\" content=\"https:\/\/idconsumo.pt\/orgaos-sociais\/\" \/>\n<meta property=\"og:site_name\" content=\"idconsumo.pt\" \/>\n<meta property=\"article:modified_time\" content=\"2024-11-20T11:46:35+00:00\" \/>\n<meta name=\"twitter:card\" content=\"summary_large_image\" \/>\n<meta name=\"twitter:label1\" content=\"Est. reading time\" \/>\n\t<meta name=\"twitter:data1\" content=\"6 minutes\" \/>\n<script type=\"application\/ld+json\" class=\"yoast-schema-graph\">{\"@context\":\"https:\/\/schema.org\",\"@graph\":[{\"@type\":\"WebPage\",\"@id\":\"https:\/\/idconsumo.pt\/orgaos-sociais\/\",\"url\":\"https:\/\/idconsumo.pt\/orgaos-sociais\/\",\"name\":\"ASSOCIATIVE BODIES - idconsumo.pt\",\"isPartOf\":{\"@id\":\"https:\/\/idconsumo.pt\/#website\"},\"datePublished\":\"2024-04-15T16:17:17+00:00\",\"dateModified\":\"2024-11-20T11:46:35+00:00\",\"breadcrumb\":{\"@id\":\"https:\/\/idconsumo.pt\/orgaos-sociais\/#breadcrumb\"},\"inLanguage\":\"en-US\",\"potentialAction\":[{\"@type\":\"ReadAction\",\"target\":[\"https:\/\/idconsumo.pt\/orgaos-sociais\/\"]}]},{\"@type\":\"BreadcrumbList\",\"@id\":\"https:\/\/idconsumo.pt\/orgaos-sociais\/#breadcrumb\",\"itemListElement\":[{\"@type\":\"ListItem\",\"position\":1,\"name\":\"In\u00edcio\",\"item\":\"https:\/\/idconsumo.pt\/\"},{\"@type\":\"ListItem\",\"position\":2,\"name\":\"ASSOCIATIVE BODIES\"}]},{\"@type\":\"WebSite\",\"@id\":\"https:\/\/idconsumo.pt\/#website\",\"url\":\"https:\/\/idconsumo.pt\/\",\"name\":\"idconsumo.pt\",\"description\":\"O IDC tem desenvolvido relevantes atividades de interesse geral no \u00e2mbito da investiga\u00e7\u00e3o, ensino e divulga\u00e7\u00e3o do Direito do Consumo.\",\"potentialAction\":[{\"@type\":\"SearchAction\",\"target\":{\"@type\":\"EntryPoint\",\"urlTemplate\":\"https:\/\/idconsumo.pt\/?s={search_term_string}\"},\"query-input\":{\"@type\":\"PropertyValueSpecification\",\"valueRequired\":true,\"valueName\":\"search_term_string\"}}],\"inLanguage\":\"en-US\"}]}<\/script>\n<!-- \/ Yoast SEO plugin. -->","yoast_head_json":{"title":"ASSOCIATIVE BODIES - idconsumo.pt","robots":{"index":"index","follow":"follow","max-snippet":"max-snippet:-1","max-image-preview":"max-image-preview:large","max-video-preview":"max-video-preview:-1"},"canonical":"https:\/\/idconsumo.pt\/orgaos-sociais\/","og_locale":"en_US","og_type":"article","og_title":"ASSOCIATIVE BODIES - idconsumo.pt","og_description":"General Assembly Board: President\u00a0\u2013 Professor Doutor Manuel Janu\u00e1rio da Costa Gomes Secretary \u2013 Dr. \u00aa In\u00eas S\u00edtima Craveiro Secretary \u2013 Mestre Ant\u00f3nio Jos\u00e9 Papan\u00e7a Barroso Ramalho Rodrigues &nbsp;Board of Directors: President\u00a0\u2013 Professor Doutor Rui Paulo Coutinho de Mascarenhas Ata\u00edde Vice-President \u2013 Professor Doutor Ant\u00f3nio Manuel Barreto Espadinha Menezes Cordeiro Vice-President \u2013 Professor Doutor Francisco Barros [&hellip;]","og_url":"https:\/\/idconsumo.pt\/orgaos-sociais\/","og_site_name":"idconsumo.pt","article_modified_time":"2024-11-20T11:46:35+00:00","twitter_card":"summary_large_image","twitter_misc":{"Est. reading time":"6 minutes"},"schema":{"@context":"https:\/\/schema.org","@graph":[{"@type":"WebPage","@id":"https:\/\/idconsumo.pt\/orgaos-sociais\/","url":"https:\/\/idconsumo.pt\/orgaos-sociais\/","name":"ASSOCIATIVE BODIES - idconsumo.pt","isPartOf":{"@id":"https:\/\/idconsumo.pt\/#website"},"datePublished":"2024-04-15T16:17:17+00:00","dateModified":"2024-11-20T11:46:35+00:00","breadcrumb":{"@id":"https:\/\/idconsumo.pt\/orgaos-sociais\/#breadcrumb"},"inLanguage":"en-US","potentialAction":[{"@type":"ReadAction","target":["https:\/\/idconsumo.pt\/orgaos-sociais\/"]}]},{"@type":"BreadcrumbList","@id":"https:\/\/idconsumo.pt\/orgaos-sociais\/#breadcrumb","itemListElement":[{"@type":"ListItem","position":1,"name":"In\u00edcio","item":"https:\/\/idconsumo.pt\/"},{"@type":"ListItem","position":2,"name":"ASSOCIATIVE BODIES"}]},{"@type":"WebSite","@id":"https:\/\/idconsumo.pt\/#website","url":"https:\/\/idconsumo.pt\/","name":"idconsumo.pt","description":"O IDC tem desenvolvido relevantes atividades de interesse geral no \u00e2mbito da investiga\u00e7\u00e3o, ensino e divulga\u00e7\u00e3o do Direito do Consumo.","potentialAction":[{"@type":"SearchAction","target":{"@type":"EntryPoint","urlTemplate":"https:\/\/idconsumo.pt\/?s={search_term_string}"},"query-input":{"@type":"PropertyValueSpecification","valueRequired":true,"valueName":"search_term_string"}}],"inLanguage":"en-US"}]}},"_links":{"self":[{"href":"https:\/\/idconsumo.pt\/en\/wp-json\/wp\/v2\/pages\/377289","targetHints":{"allow":["GET"]}}],"collection":[{"href":"https:\/\/idconsumo.pt\/en\/wp-json\/wp\/v2\/pages"}],"about":[{"href":"https:\/\/idconsumo.pt\/en\/wp-json\/wp\/v2\/types\/page"}],"author":[{"embeddable":true,"href":"https:\/\/idconsumo.pt\/en\/wp-json\/wp\/v2\/users\/1"}],"replies":[{"embeddable":true,"href":"https:\/\/idconsumo.pt\/en\/wp-json\/wp\/v2\/comments?post=377289"}],"version-history":[{"count":6,"href":"https:\/\/idconsumo.pt\/en\/wp-json\/wp\/v2\/pages\/377289\/revisions"}],"predecessor-version":[{"id":378333,"href":"https:\/\/idconsumo.pt\/en\/wp-json\/wp\/v2\/pages\/377289\/revisions\/378333"}],"wp:attachment":[{"href":"https:\/\/idconsumo.pt\/en\/wp-json\/wp\/v2\/media?parent=377289"}],"curies":[{"name":"wp","href":"https:\/\/api.w.org\/{rel}","templated":true}]}}